{"id":15208,"date":"2026-09-03T15:40:55","date_gmt":"2026-09-03T13:40:55","guid":{"rendered":"https:\/\/www.popepoppa.ch\/job\/des-educateurs-trices-tertiaires-des-assistants-es-socio-educatifs-ves-des-auxiliaires\/"},"modified":"2026-09-03T15:41:21","modified_gmt":"2026-09-03T13:41:21","slug":"des-educateurs-trices-tertiaires-des-assistants-es-socio-educatifs-ves-des-auxiliaires","status":"publish","type":"job","link":"https:\/\/www.popepoppa.ch\/fr\/job\/des-educateurs-trices-tertiaires-des-assistants-es-socio-educatifs-ves-des-auxiliaires\/","title":{"rendered":"des \u00e9ducateurs\/-trices tertiaires des assistants\/-es socio-\u00e9ducatifs\/-ves des auxiliaires"},"content":{"rendered":"\n<p class=\"wp-block-paragraph\"><strong>pop e poppa, 1<sup>er<\/sup> groupe de cr\u00e8ches en Suisse,<\/strong><\/p>\n\n\n\n<p class=\"wp-block-paragraph\"><strong>pour un citoyen \u00e9co-responsable \u00ab&nbsp;bien dans sa t\u00eate et bien dans ses baskets&nbsp;\u00bb<\/strong><\/p>\n\n\n\n<p class=\"wp-block-paragraph\">Cette devise souligne l\u2019engagement quotidien des \u00e9quipes au sein des structures d\u2019accueil pop e poppa pour approfondir une p\u00e9dagogie humaniste nourrie des apports de la recherche contemporaine. Relier corps et esprit, engager des activit\u00e9s ludiques et vari\u00e9es sont le prolongement d\u2019une philosophie joyeuse et concr\u00e8te dans laquelle l\u2019enfant grandit, s\u2019\u00e9panouit et vit \u00e0 la cr\u00e8che des moments uniques et valorisants. Dans nos structures d\u2019accueil, l\u2019enfant construit, \u00e0 son rythme, une confiance en lui durable, si pr\u00e9cieuse pour partir \u00e0 la d\u00e9couverte du monde.<\/p>\n\n\n\n<p class=\"wp-block-paragraph\">Vous souhaitez participer \u00e0 cette belle aventure&nbsp;? Cette annonce est pour vous&nbsp;!<\/p>\n\n\n\n<p class=\"wp-block-paragraph\">Pour des remplacements ponctuels sur demande, pour nos structures pop e poppa l\u2019\u00eele aux m\u00f4mes, nous recherchons :<strong><\/strong><\/p>\n\n\n\n<p class=\"wp-block-paragraph\"><strong>des \u00e9ducateurs\/-trices tertiaires<\/strong><\/p>\n\n\n\n<p class=\"wp-block-paragraph\"><strong>des assistants\/-es socio-\u00e9ducatifs\/-ves<\/strong><\/p>\n\n\n\n<p class=\"wp-block-paragraph\"><strong>des auxiliaires<\/strong><\/p>\n\n\n\n<p class=\"wp-block-paragraph\"><strong>Vous avez&nbsp;:<\/strong><\/p>\n\n\n\n<ul class=\"wp-block-list\">\n<li>De la disponibilit\u00e9<\/li>\n\n\n\n<li>Une bonne capacit\u00e9 d\u2019adaptation.<\/li>\n\n\n\n<li>Un tr\u00e8s bon sens de l\u2019organisation, de l\u2019autonomie et des responsabilit\u00e9s reconnu.<\/li>\n\n\n\n<li>Une capacit\u00e9 d\u2019observation et d\u2019analyse aiguis\u00e9e.<\/li>\n\n\n\n<li>Un go\u00fbt certain pour le travail en \u00e9quipe.<\/li>\n<\/ul>\n\n\n\n<p class=\"wp-block-paragraph\"><strong>Nous vous offrons\u00a0:<\/strong><\/p>\n\n\n\n<ul class=\"wp-block-list\">\n<li>Un cadre de travail bienveillant.<\/li>\n\n\n\n<li>Une ambiance de travail qui favorise la prise d\u2019initiative et les \u00e9changes au sein des \u00e9quipes.<\/li>\n\n\n\n<li>Des opportunit\u00e9s au sein du premier groupe de cr\u00e8ches en Suisse\u00a0: formation, outil d\u2019observation du d\u00e9veloppement de l\u2019enfant innovant, mobilit\u00e9 interne, promotion etc.<\/li>\n\n\n\n<li>Des locaux fonctionnels, ergonomiques, agr\u00e9ables et adapt\u00e9s aux besoins des enfants ainsi que des adultes.<\/li>\n\n\n\n<li>L\u2019opportunit\u00e9 de participer \u00e0 des rencontres interg\u00e9n\u00e9rationnelles r\u00e9guli\u00e8res.<\/li>\n<\/ul>\n\n\n\n<p class=\"wp-block-paragraph\"><a><mark style=\"background-color:rgba(0, 0, 0, 0)\" class=\"has-inline-color has-black-color\">Int\u00e9ress\u00e9-e\u00a0? Nous vous remercions de nous faire parvenir votre dossier de<\/mark><\/a> candidature \u00e0 I\u2019 adresse mail suivante : <strong><a href=\"mailto:contact@ileauxmomes.ch\">contact@ileauxmomes.ch<\/a>, jusqu\u2019au 10 septembre 2026.<\/strong><\/p>\n\n\n\n<p class=\"wp-block-paragraph\">Les candidatures re\u00e7ues par un autre mode ne seront pas prises en consid\u00e9ration.<\/p>\n\n\n\n<p class=\"wp-block-paragraph\">\u00c0 noter : la date des entretiens est fix\u00e9e au <strong>jeudi 17 septembre 2026<\/strong>. Les personnes pr\u00e9s\u00e9lectionn\u00e9es seront invit\u00e9es \u00e0 choisir un cr\u00e9neau d\u2019entretien parmi les disponibilit\u00e9s propos\u00e9es, entre 8h15 et 16h45. Il est donc n\u00e9cessaire d\u2019\u00eatre disponible sur cette journ\u00e9e en cas de pr\u00e9s\u00e9lection.<\/p>\n\n\n\n<p class=\"wp-block-paragraph\">D\u2019avance, nous vous remercions d\u2019\u00eatre clair et concis, car il ne sera accord\u00e9 que 10 minutes par personnes.<\/p>\n\n\n\n<p class=\"wp-block-paragraph\">L\u2019\u00cele aux M\u00f4mes se r\u00e9jouit de vous retrouver \u00e0 cette occasion et de faire votre connaissance.<\/p>\n","protected":false},"featured_media":0,"template":"","meta":{"_acf_changed":true,"inline_featured_image":false,"_cloudinary_featured_overwrite":false,"_members_access_role":[],"_members_access_error":""},"city":[141],"class_list":["post-15208","job","type-job","status-publish","hentry","city-geneve"],"acf":[],"yoast_head":"<!-- This site is optimized with the Yoast SEO Premium plugin v28.2 (Yoast SEO v28.2) - https:\/\/yoast.com\/product\/yoast-seo-premium-wordpress\/ -->\n<title>des \u00e9ducateurs\/-trices tertiaires des assistants\/-es socio-\u00e9ducatifs\/-ves des auxiliaires - Pope Poppa<\/title>\n<meta name=\"robots\" content=\"index, follow, max-snippet:-1, max-image-preview:large, max-video-preview:-1\" \/>\n<link rel=\"canonical\" href=\"https:\/\/www.popepoppa.ch\/fr\/job\/des-educateurs-trices-tertiaires-des-assistants-es-socio-educatifs-ves-des-auxiliaires\/\" \/>\n<meta property=\"og:locale\" content=\"fr_FR\" \/>\n<meta property=\"og:type\" content=\"article\" \/>\n<meta property=\"og:title\" content=\"des \u00e9ducateurs\/-trices tertiaires des assistants\/-es socio-\u00e9ducatifs\/-ves des auxiliaires\" \/>\n<meta property=\"og:description\" content=\"pop e poppa, 1er groupe de cr\u00e8ches en Suisse, pour un citoyen \u00e9co-responsable \u00ab&nbsp;bien dans sa t\u00eate et bien dans ses baskets&nbsp;\u00bb Cette devise souligne l\u2019engagement quotidien des \u00e9quipes au sein des structures d\u2019accueil pop e poppa pour approfondir une p\u00e9dagogie humaniste nourrie des apports de la recherche contemporaine. Relier corps et esprit, engager des [&hellip;]\" \/>\n<meta property=\"og:url\" content=\"https:\/\/www.popepoppa.ch\/fr\/job\/des-educateurs-trices-tertiaires-des-assistants-es-socio-educatifs-ves-des-auxiliaires\/\" \/>\n<meta property=\"og:site_name\" content=\"Pope Poppa\" \/>\n<meta property=\"article:publisher\" content=\"https:\/\/www.facebook.com\/popepoppa.ch\" \/>\n<meta property=\"article:modified_time\" content=\"2026-09-03T13:41:21+00:00\" \/>\n<script type=\"application\/ld+json\" class=\"yoast-schema-graph\">{\"@context\":\"https:\\\/\\\/schema.org\",\"@graph\":[{\"@type\":\"WebPage\",\"@id\":\"https:\\\/\\\/www.popepoppa.ch\\\/fr\\\/job\\\/des-educateurs-trices-tertiaires-des-assistants-es-socio-educatifs-ves-des-auxiliaires\\\/\",\"url\":\"https:\\\/\\\/www.popepoppa.ch\\\/fr\\\/job\\\/des-educateurs-trices-tertiaires-des-assistants-es-socio-educatifs-ves-des-auxiliaires\\\/\",\"name\":\"des \u00e9ducateurs\\\/-trices tertiaires des assistants\\\/-es socio-\u00e9ducatifs\\\/-ves des auxiliaires - Pope Poppa\",\"isPartOf\":{\"@id\":\"https:\\\/\\\/www.popepoppa.ch\\\/#website\"},\"datePublished\":\"2026-09-03T13:40:55+00:00\",\"dateModified\":\"2026-09-03T13:41:21+00:00\",\"breadcrumb\":{\"@id\":\"https:\\\/\\\/www.popepoppa.ch\\\/fr\\\/job\\\/des-educateurs-trices-tertiaires-des-assistants-es-socio-educatifs-ves-des-auxiliaires\\\/#breadcrumb\"},\"inLanguage\":\"fr-FR\",\"potentialAction\":[{\"@type\":\"ReadAction\",\"target\":[\"https:\\\/\\\/www.popepoppa.ch\\\/fr\\\/job\\\/des-educateurs-trices-tertiaires-des-assistants-es-socio-educatifs-ves-des-auxiliaires\\\/\"]}]},{\"@type\":\"BreadcrumbList\",\"@id\":\"https:\\\/\\\/www.popepoppa.ch\\\/fr\\\/job\\\/des-educateurs-trices-tertiaires-des-assistants-es-socio-educatifs-ves-des-auxiliaires\\\/#breadcrumb\",\"itemListElement\":[{\"@type\":\"ListItem\",\"position\":1,\"name\":\"pop e poppa\",\"item\":\"https:\\\/\\\/www.popepoppa.ch\\\/fr\\\/\"},{\"@type\":\"ListItem\",\"position\":2,\"name\":\"des \u00e9ducateurs\\\/-trices tertiaires des assistants\\\/-es socio-\u00e9ducatifs\\\/-ves des auxiliaires\"}]},{\"@type\":\"WebSite\",\"@id\":\"https:\\\/\\\/www.popepoppa.ch\\\/#website\",\"url\":\"https:\\\/\\\/www.popepoppa.ch\\\/\",\"name\":\"pop e poppa\",\"description\":\"le plaisir de grandir ensemble\",\"publisher\":{\"@id\":\"https:\\\/\\\/www.popepoppa.ch\\\/#organization\"},\"alternateName\":\"pop e poppa\",\"potentialAction\":[{\"@type\":\"SearchAction\",\"target\":{\"@type\":\"EntryPoint\",\"urlTemplate\":\"https:\\\/\\\/www.popepoppa.ch\\\/?s={search_term_string}\"},\"query-input\":{\"@type\":\"PropertyValueSpecification\",\"valueRequired\":true,\"valueName\":\"search_term_string\"}}],\"inLanguage\":\"fr-FR\"},{\"@type\":\"Organization\",\"@id\":\"https:\\\/\\\/www.popepoppa.ch\\\/#organization\",\"name\":\"pop e poppa\",\"url\":\"https:\\\/\\\/www.popepoppa.ch\\\/\",\"logo\":{\"@type\":\"ImageObject\",\"inLanguage\":\"fr-FR\",\"@id\":\"https:\\\/\\\/www.popepoppa.ch\\\/#\\\/schema\\\/logo\\\/image\\\/\",\"url\":\"https:\\\/\\\/www.popepoppa.ch\\\/wp-content\\\/uploads\\\/2026\\\/03\\\/popepoppa_logo.svg\",\"contentUrl\":\"https:\\\/\\\/www.popepoppa.ch\\\/wp-content\\\/uploads\\\/2026\\\/03\\\/popepoppa_logo.svg\",\"width\":53,\"height\":32,\"caption\":\"pop e poppa\"},\"image\":{\"@id\":\"https:\\\/\\\/www.popepoppa.ch\\\/#\\\/schema\\\/logo\\\/image\\\/\"},\"sameAs\":[\"https:\\\/\\\/www.facebook.com\\\/popepoppa.ch\",\"https:\\\/\\\/www.linkedin.com\\\/company\\\/pop-e-poppa\\\/\",\"https:\\\/\\\/www.instagram.com\\\/pop_e_poppa\\\/\",\"https:\\\/\\\/www.youtube.com\\\/channel\\\/UCBwHSOG6Uy2ZHXff6DV-T0A\",\"https:\\\/\\\/ch.pinterest.com\\\/pop_e_poppa\\\/\",\"https:\\\/\\\/www.tiktok.com\\\/@popepoppa\"]}]}<\/script>\n<!-- \/ Yoast SEO Premium plugin. -->","yoast_head_json":{"title":"des \u00e9ducateurs\/-trices tertiaires des assistants\/-es socio-\u00e9ducatifs\/-ves des auxiliaires - Pope Poppa","robots":{"index":"index","follow":"follow","max-snippet":"max-snippet:-1","max-image-preview":"max-image-preview:large","max-video-preview":"max-video-preview:-1"},"canonical":"https:\/\/www.popepoppa.ch\/fr\/job\/des-educateurs-trices-tertiaires-des-assistants-es-socio-educatifs-ves-des-auxiliaires\/","og_locale":"fr_FR","og_type":"article","og_title":"des \u00e9ducateurs\/-trices tertiaires des assistants\/-es socio-\u00e9ducatifs\/-ves des auxiliaires","og_description":"pop e poppa, 1er groupe de cr\u00e8ches en Suisse, pour un citoyen \u00e9co-responsable \u00ab&nbsp;bien dans sa t\u00eate et bien dans ses baskets&nbsp;\u00bb Cette devise souligne l\u2019engagement quotidien des \u00e9quipes au sein des structures d\u2019accueil pop e poppa pour approfondir une p\u00e9dagogie humaniste nourrie des apports de la recherche contemporaine. Relier corps et esprit, engager des [&hellip;]","og_url":"https:\/\/www.popepoppa.ch\/fr\/job\/des-educateurs-trices-tertiaires-des-assistants-es-socio-educatifs-ves-des-auxiliaires\/","og_site_name":"Pope Poppa","article_publisher":"https:\/\/www.facebook.com\/popepoppa.ch","article_modified_time":"2026-09-03T13:41:21+00:00","schema":{"@context":"https:\/\/schema.org","@graph":[{"@type":"WebPage","@id":"https:\/\/www.popepoppa.ch\/fr\/job\/des-educateurs-trices-tertiaires-des-assistants-es-socio-educatifs-ves-des-auxiliaires\/","url":"https:\/\/www.popepoppa.ch\/fr\/job\/des-educateurs-trices-tertiaires-des-assistants-es-socio-educatifs-ves-des-auxiliaires\/","name":"des \u00e9ducateurs\/-trices tertiaires des assistants\/-es socio-\u00e9ducatifs\/-ves des auxiliaires - Pope Poppa","isPartOf":{"@id":"https:\/\/www.popepoppa.ch\/#website"},"datePublished":"2026-09-03T13:40:55+00:00","dateModified":"2026-09-03T13:41:21+00:00","breadcrumb":{"@id":"https:\/\/www.popepoppa.ch\/fr\/job\/des-educateurs-trices-tertiaires-des-assistants-es-socio-educatifs-ves-des-auxiliaires\/#breadcrumb"},"inLanguage":"fr-FR","potentialAction":[{"@type":"ReadAction","target":["https:\/\/www.popepoppa.ch\/fr\/job\/des-educateurs-trices-tertiaires-des-assistants-es-socio-educatifs-ves-des-auxiliaires\/"]}]},{"@type":"BreadcrumbList","@id":"https:\/\/www.popepoppa.ch\/fr\/job\/des-educateurs-trices-tertiaires-des-assistants-es-socio-educatifs-ves-des-auxiliaires\/#breadcrumb","itemListElement":[{"@type":"ListItem","position":1,"name":"pop e poppa","item":"https:\/\/www.popepoppa.ch\/fr\/"},{"@type":"ListItem","position":2,"name":"des \u00e9ducateurs\/-trices tertiaires des assistants\/-es socio-\u00e9ducatifs\/-ves des auxiliaires"}]},{"@type":"WebSite","@id":"https:\/\/www.popepoppa.ch\/#website","url":"https:\/\/www.popepoppa.ch\/","name":"pop e poppa","description":"le plaisir de grandir ensemble","publisher":{"@id":"https:\/\/www.popepoppa.ch\/#organization"},"alternateName":"pop e poppa","potentialAction":[{"@type":"SearchAction","target":{"@type":"EntryPoint","urlTemplate":"https:\/\/www.popepoppa.ch\/?s={search_term_string}"},"query-input":{"@type":"PropertyValueSpecification","valueRequired":true,"valueName":"search_term_string"}}],"inLanguage":"fr-FR"},{"@type":"Organization","@id":"https:\/\/www.popepoppa.ch\/#organization","name":"pop e poppa","url":"https:\/\/www.popepoppa.ch\/","logo":{"@type":"ImageObject","inLanguage":"fr-FR","@id":"https:\/\/www.popepoppa.ch\/#\/schema\/logo\/image\/","url":"https:\/\/www.popepoppa.ch\/wp-content\/uploads\/2026\/03\/popepoppa_logo.svg","contentUrl":"https:\/\/www.popepoppa.ch\/wp-content\/uploads\/2026\/03\/popepoppa_logo.svg","width":53,"height":32,"caption":"pop e poppa"},"image":{"@id":"https:\/\/www.popepoppa.ch\/#\/schema\/logo\/image\/"},"sameAs":["https:\/\/www.facebook.com\/popepoppa.ch","https:\/\/www.linkedin.com\/company\/pop-e-poppa\/","https:\/\/www.instagram.com\/pop_e_poppa\/","https:\/\/www.youtube.com\/channel\/UCBwHSOG6Uy2ZHXff6DV-T0A","https:\/\/ch.pinterest.com\/pop_e_poppa\/","https:\/\/www.tiktok.com\/@popepoppa"]}]}},"_links":{"self":[{"href":"https:\/\/www.popepoppa.ch\/fr\/wp-json\/wp\/v2\/job\/15208","targetHints":{"allow":["GET"]}}],"collection":[{"href":"https:\/\/www.popepoppa.ch\/fr\/wp-json\/wp\/v2\/job"}],"about":[{"href":"https:\/\/www.popepoppa.ch\/fr\/wp-json\/wp\/v2\/types\/job"}],"wp:attachment":[{"href":"https:\/\/www.popepoppa.ch\/fr\/wp-json\/wp\/v2\/media?parent=15208"}],"wp:term":[{"taxonomy":"city","embeddable":true,"href":"https:\/\/www.popepoppa.ch\/fr\/wp-json\/wp\/v2\/city?post=15208"}],"curies":[{"name":"wp","href":"https:\/\/api.w.org\/{rel}","templated":true}]}}